{"id":406,"date":"2020-04-22T14:51:40","date_gmt":"2020-04-22T11:51:40","guid":{"rendered":"http:\/\/visitsouthestonia.com\/community\/?page_id=406"},"modified":"2021-01-05T12:41:58","modified_gmt":"2021-01-05T10:41:58","slug":"kollane-aken-meedias","status":"publish","type":"page","link":"https:\/\/visitsouthestonia.com\/community\/kontakt\/kollane-aken-meedias\/","title":{"rendered":"Kollased aknad meedias"},"content":{"rendered":"\n<div class=\"wp-block-advgb-columns advgb-columns-wrapper\" id=\"advgb-cols-16369567-93a5-4b05-abc1-1b4df66852a1\"><div class=\"advgb-columns-container\"><div class=\"advgb-columns advgb-columns-row advgb-is-mobile advgb-columns-2 layout-12-12 mbl-layout-stacked vgutter-10\">\n<div class=\"wp-block-advgb-column advgb-column advgb-is-half-tablet advgb-is-full-mobile\" id=\"advgb-col-f7bff446-78c5-4bb4-9519-f409082f87eb\"><div class=\"advgb-column-inner\" style=\"border-style:none;border-width:1px\">\n<ul class=\"wp-el\"><li><a href=\"https:\/\/www.nationalgeographic.ee\/uudised\/2020\/05\/25\/puhas-hing-louna-eesti-rikkus\" target=\"_blank\" rel=\"noreferrer noopener\">Puhas hing, L\u00f5una-Eesti rikkus<\/a> (National Geographic 2020)<\/li><li><a rel=\"noreferrer noopener\" href=\"https:\/\/www.nationalgeographic.ee\/uudised\/2019\/09\/30\/puhas-loodus-louna-eesti-rikkus\" target=\"_blank\">Puhas loodus, L\u00f5una-Eesti rikkus<\/a> (National Geographic 2019)<\/li><li><a href=\"https:\/\/www.nationalgeographic.ee\/uudised\/2018\/09\/27\/iseolemisest-lounaeestlase-pilguga\">Iseolemisest, l\u00f5unaeestilase pilguga<\/a>&nbsp;(National Geographic 2017)<\/li><li><a href=\"https:\/\/www.nationalgeographic.ee\/uudised\/2018\/05\/29\/inspiratsioonist-lounaeestlase-pilguga\">Inspiratsioonist, l\u00f5unaeestlase pilguga<\/a>&nbsp;(National Geographic 2017)<\/li><li><a href=\"https:\/\/www.nationalgeographic.ee\/uudised\/2017\/11\/26\/identiteedist-lounaeestlase-pilguga\">Identiteedist, l\u00f5unaeestlase pilguga<\/a>&nbsp;(National Geographic 2017)<\/li><li><a href=\"http:\/\/www.nationalgeographic.ee\/uudised\/2017\/08\/22\/piirissaar-kahe-maailma-piiril\">Piirissaar kahe maailma piiril<\/a>&nbsp;(National Geographic 2017)<\/li><li><a href=\"http:\/\/www.lounaleht.ee\/index.php?page=1&amp;id=22550&amp;type=2\">Mis peitub National Geographicu kollase akna taga?<\/a>&nbsp;(L\u00f5unaleht 2017)<\/li><li><a href=\"http:\/\/www.nationalgeographic.ee\/uudised\/2017\/09\/28\/innovatsioonist-lounaeestlase-pilguga\">Innovatsioonist, l\u00f5unaeestlase pilguga<\/a>&nbsp;(National Geographic 2017)<\/li><li><a rel=\"noreferrer noopener\" href=\"http:\/\/maaleht.delfi.ee\/news\/maaleht\/uudised\/soodusraamatuga-louna-eestisse?id=70514577\" target=\"_blank\">Soodusraamatuga L\u00f5una-Eestisse<\/a>&nbsp;(Maaleht 8.01.2015)<\/li><li><a rel=\"noreferrer noopener\" href=\"http:\/\/www.southestonia.ee\/uudiskiri\/Nordic_Travel_Magazine_lk55-80.pdf\" target=\"_blank\">Artikkel Eestist ajakirjas &#8220;Nordic Magazine&#8221;<\/a>&nbsp;(L\u00f5una-Eesti lehek\u00fclgedel 74-79)<\/li><li><a rel=\"noreferrer noopener\" href=\"http:\/\/youtu.be\/vcHBCobRj3E\" target=\"_blank\">Projekti &#8220;Elu kahe maailma piiril&#8221; avamine&nbsp;<\/a>2013.aasta juunis<\/li><li><a rel=\"noreferrer noopener\" href=\"https:\/\/visitsouthestonia.com\/community\/wp-content\/uploads\/2013\/09\/NGE_0114_advertorial_vorumaa.pdf\" target=\"_blank\">V\u00f5rumaa artikkel<\/a>&nbsp;National Geographic Eesti<\/li><li><a rel=\"noreferrer noopener\" href=\"https:\/\/visitsouthestonia.com\/community\/wp-content\/uploads\/2013\/09\/NGE_0314_advertorial_Vortsjarv.pdf\" target=\"_blank\">V\u00f5rtsj\u00e4rve artikkel<\/a>&nbsp;National Geographic Eesti<\/li><li><a rel=\"noreferrer noopener\" href=\"https:\/\/visitsouthestonia.com\/community\/wp-content\/uploads\/2013\/09\/NGE_0713_advertorial_Tartu.pdf\" target=\"_blank\">Tartu artikkel<\/a>&nbsp;National Geographic Eesti<\/li><li><a rel=\"noreferrer noopener\" href=\"https:\/\/visitsouthestonia.com\/community\/wp-content\/uploads\/2013\/09\/NGE_1013_advertorial_P%C3%B5lvamaa.pdf\" target=\"_blank\">P\u00f5lvamaa artikkel<\/a>&nbsp;National Geographic Eesti<\/li><li><a rel=\"noreferrer noopener\" href=\"https:\/\/visitsouthestonia.com\/community\/wp-content\/uploads\/2013\/09\/NGE_1113_advertorial_J%C3%B5gevamaa.pdf\" target=\"_blank\">J\u00f5gevamaa artikkel<\/a>&nbsp;National Geographic Eesti<\/li><li><a rel=\"noreferrer noopener\" href=\"https:\/\/visitsouthestonia.com\/community\/wp-content\/uploads\/2013\/09\/Svoruleader14022011370.pdf\" target=\"_blank\">Avati L\u00f5una-Eesti inimesi ja kogukondi k\u00e4sitlev foton\u00e4itus<\/a>. L\u00f5unaleht, 20.02.2014<\/li><li><a rel=\"noreferrer noopener\" href=\"http:\/\/issuu.com\/meediapilt\/docs\/tourest_2014\" target=\"_blank\">Tourest messi ajakiri 2014<\/a>, vt lk 11<\/li><li><a rel=\"noreferrer noopener\" href=\"http:\/\/tartu.postimees.ee\/2700106\/hiidaknad-juhatavad-ponevaisse-paigusse\" target=\"_blank\">Hiidaknad juhatavad p\u00f5nevaisse paigusse<\/a>. Postimees 17.02.2013<\/li><li><a rel=\"noreferrer noopener\" href=\"https:\/\/visitsouthestonia.com\/community\/wp-content\/uploads\/2013\/09\/NGE_1213_advertorial_Valgamaa.pdf\" target=\"_blank\">Valgamaa artikkel<\/a>&nbsp;National Geographic Eesti<\/li><li><a rel=\"noreferrer noopener\" href=\"https:\/\/visitsouthestonia.com\/community\/wp-content\/uploads\/2013\/09\/Koit-II.pdf\" target=\"_blank\">Aastat j\u00e4i turismiteona raamima kollaste akende projekt II<\/a>. Koit, 30.11.2013<\/li><\/ul>\n<\/div><\/div>\n\n\n\n<div class=\"wp-block-advgb-column advgb-column advgb-is-half-tablet advgb-is-full-mobile\" id=\"advgb-col-176b4e53-1353-44eb-8c12-d6b1f3b2c60d\"><div class=\"advgb-column-inner\" style=\"border-style:none;border-width:1px\">\n<ul class=\"wp-el\"><li><a rel=\"noreferrer noopener\" href=\"https:\/\/visitsouthestonia.com\/community\/wp-content\/uploads\/2013\/09\/Kes-elab-kollase-akna-taga.pdf\" target=\"_blank\">Kes elab kollase akna taga<\/a>. Postimees, 23.10.2013<\/li><li><a rel=\"noreferrer noopener\" href=\"https:\/\/visitsouthestonia.com\/community\/wp-content\/uploads\/2013\/09\/Saravkollased-raamid-Louna-Eestis.pdf\" target=\"_blank\">S\u00e4ravkollased raamid L\u00f5una-Eestis<\/a>. Postimees, 8.10.2013<\/li><li><a rel=\"noreferrer noopener\" href=\"http:\/\/youtu.be\/nhc9w3rt3tk\" target=\"_blank\">Ringreis L\u00f5una-Eestis<\/a>. Video autor Argo Ingver<\/li><li><a rel=\"noreferrer noopener\" href=\"https:\/\/visitsouthestonia.com\/community\/wp-content\/uploads\/2013\/09\/Valgamaalane.pdf\" target=\"_blank\">Teatrikriitik tuli maakooli \u00f5petajaks<\/a>&nbsp;Valgamaalane, 7.09.2013<\/li><li><a rel=\"noreferrer noopener\" href=\"https:\/\/visitsouthestonia.com\/community\/wp-content\/uploads\/2013\/09\/obinitsa-kollane-aken.pdf\" target=\"_blank\">Obinitsa p\u00fcrib soome-ugri kultuuripealinnaks<\/a>, Eesti P\u00e4evaleht<\/li><li><a rel=\"noreferrer noopener\" href=\"https:\/\/visitsouthestonia.com\/community\/wp-content\/uploads\/2013\/09\/R%C4%86%C2%A4pinasse-tasub-kolida.pdf\" target=\"_blank\">R\u00e4pinasse tasub kolida<\/a>, Naised 2013<\/li><li><a rel=\"noreferrer noopener\" href=\"http:\/\/www.valgamaalane.ee\/1320252\/kollane-aken-tekitab-elavat-huvi\" target=\"_blank\">&#8220;Kollane aken tekitab elavat huvi&#8221;<\/a>, Valgamaalane 03.08.2013<\/li><li><a rel=\"noreferrer noopener\" href=\"http:\/\/www.lounaleht.ee\/?page=1&amp;id=12582\" target=\"_blank\">National Geographicu kollane aken Otep\u00e4\u00e4l tekitab elavat huvi<\/a>, L\u00f5unaleht 03.08.2013<\/li><li><a rel=\"noreferrer noopener\" href=\"http:\/\/www.goodnews.ee\/peipsi-pealinnas-saab-vaadata-labi-national-geographic-akna\" target=\"_blank\">Peipsi pealinnas saab vaadata l\u00e4bi National Geographicu akna<\/a>, juuli 2013<\/li><li><a rel=\"noreferrer noopener\" href=\"http:\/\/www.lounaleht.ee\/?page=1&amp;id=12336\" target=\"_blank\">L\u00f5una-Eestit saab imetleda l\u00e4bi kollaste akende<\/a>, L\u00f5unaleht 27.06.2013<\/li><li><a rel=\"noreferrer noopener\" href=\"https:\/\/visitsouthestonia.com\/community\/wp-content\/uploads\/2013\/09\/Nadala-syndmus.pdf\" target=\"_blank\">Nadala s\u00fcndmus<\/a>, Valgamaalane 22.06.2013<\/li><li><a rel=\"noreferrer noopener\" href=\"http:\/\/www.tartupostimees.ee\/1275818\/suvepilt-kollane-aken-joudis-raeplatsile\" target=\"_blank\">Kollane aken j\u00f5udis Raekoja platsile<\/a>, Tartu Postimees 20.06.2013<\/li><li><a rel=\"noreferrer noopener\" href=\"https:\/\/visitsouthestonia.com\/community\/wp-content\/uploads\/2013\/09\/Klienditeenindajad-%C3%B5ppisid-maakonda-tutvustama.pdf\" target=\"_blank\">Klienditeenindajad \u00f5ppisid maakonda tutvustama<\/a>, Valgamaalane 20.06.2013<\/li><li><a rel=\"noreferrer noopener\" href=\"https:\/\/visitsouthestonia.com\/community\/wp-content\/uploads\/2013\/09\/L%C3%B5unaEestit-ehivad-s%C3%A4ravkollased-raamid.pdf\" target=\"_blank\">L\u00f5una-Eestit ehivad s\u00e4ravkollased raamid<\/a>, Valgamaalane 19.06.2013<\/li><li><a rel=\"noreferrer noopener\" href=\"http:\/\/www.lounaleht.ee\/?page=1&amp;id=12130\" target=\"_blank\">Kogukonnad \u00fchendavad j\u00f5u L\u00f5una-Eesti tutvustamiseks<\/a>, L\u00f5unaleht 25.05.2013<\/li><li><a rel=\"noreferrer noopener\" href=\"http:\/\/www.tartupostimees.ee\/1133130\/selgusid-kollaste-akende-kohad\" target=\"_blank\">Selgusid kollaste akende kohad<\/a>, Tartu Postimees 10.02.2013<\/li><li><a rel=\"noreferrer noopener\" href=\"http:\/\/www.tartupostimees.ee\/1085608\/kollased-aknad-naitavad-vaart-kohti\" target=\"_blank\">Kollased aknad n\u00e4itavad v\u00e4\u00e4rt kohti<\/a>, Tartu Postimees 27.12.2013<\/li><\/ul>\n<\/div><\/div>\n<\/div><\/div><\/div>\n<style class=\"advgb-styles-renderer\">#advgb-cols-16369567-93a5-4b05-abc1-1b4df66852a1{}@media screen and (max-width: 1023px) {#advgb-cols-16369567-93a5-4b05-abc1-1b4df66852a1{}}@media screen and (max-width: 767px) {#advgb-cols-16369567-93a5-4b05-abc1-1b4df66852a1{}}#advgb-col-f7bff446-78c5-4bb4-9519-f409082f87eb>.advgb-column-inner{}@media screen and (max-width: 1023px) {#advgb-col-f7bff446-78c5-4bb4-9519-f409082f87eb>.advgb-column-inner{}}@media screen and (max-width: 767px) {#advgb-col-f7bff446-78c5-4bb4-9519-f409082f87eb>.advgb-column-inner{}}#advgb-col-176b4e53-1353-44eb-8c12-d6b1f3b2c60d>.advgb-column-inner{}@media screen and (max-width: 1023px) {#advgb-col-176b4e53-1353-44eb-8c12-d6b1f3b2c60d>.advgb-column-inner{}}@media screen and (max-width: 767px) {#advgb-col-176b4e53-1353-44eb-8c12-d6b1f3b2c60d>.advgb-column-inner{}}<\/style>","protected":false},"excerpt":{"rendered":"","protected":false},"author":1,"featured_media":0,"parent":396,"menu_order":10,"comment_status":"closed","ping_status":"closed","template":"","meta":{"advgb_blocks_editor_width":"","advgb_blocks_columns_visual_guide":"","footnotes":"","_links_to":"","_links_to_target":""},"acf":[],"yoast_head":"<!-- This site is optimized with the Yoast SEO plugin v21.4 - https:\/\/yoast.com\/wordpress\/plugins\/seo\/ -->\n<title>Kollased aknad meedias - visitsouthestonia<\/title>\n<meta name=\"robots\" content=\"index, follow, max-snippet:-1, max-image-preview:large, max-video-preview:-1\" \/>\n<link rel=\"canonical\" href=\"https:\/\/visitsouthestonia.com\/community\/kontakt\/kollane-aken-meedias\/\" \/>\n<meta property=\"og:locale\" content=\"et_EE\" \/>\n<meta property=\"og:type\" content=\"article\" \/>\n<meta property=\"og:title\" content=\"Kollased aknad meedias - visitsouthestonia\" \/>\n<meta property=\"og:url\" content=\"https:\/\/visitsouthestonia.com\/community\/kontakt\/kollane-aken-meedias\/\" \/>\n<meta property=\"og:site_name\" content=\"visitsouthestonia\" \/>\n<meta property=\"article:modified_time\" content=\"2021-01-05T10:41:58+00:00\" \/>\n<meta name=\"twitter:card\" content=\"summary_large_image\" \/>\n<meta name=\"twitter:label1\" content=\"Est. reading time\" \/>\n\t<meta name=\"twitter:data1\" content=\"1 minut\" \/>\n<script type=\"application\/ld+json\" class=\"yoast-schema-graph\">{\"@context\":\"https:\/\/schema.org\",\"@graph\":[{\"@type\":\"WebPage\",\"@id\":\"https:\/\/visitsouthestonia.com\/community\/kontakt\/kollane-aken-meedias\/\",\"url\":\"https:\/\/visitsouthestonia.com\/community\/kontakt\/kollane-aken-meedias\/\",\"name\":\"Kollased aknad meedias - visitsouthestonia\",\"isPartOf\":{\"@id\":\"https:\/\/visitsouthestonia.com\/community\/#website\"},\"datePublished\":\"2020-04-22T11:51:40+00:00\",\"dateModified\":\"2021-01-05T10:41:58+00:00\",\"breadcrumb\":{\"@id\":\"https:\/\/visitsouthestonia.com\/community\/kontakt\/kollane-aken-meedias\/#breadcrumb\"},\"inLanguage\":\"et\",\"potentialAction\":[{\"@type\":\"ReadAction\",\"target\":[\"https:\/\/visitsouthestonia.com\/community\/kontakt\/kollane-aken-meedias\/\"]}]},{\"@type\":\"BreadcrumbList\",\"@id\":\"https:\/\/visitsouthestonia.com\/community\/kontakt\/kollane-aken-meedias\/#breadcrumb\",\"itemListElement\":[{\"@type\":\"ListItem\",\"position\":1,\"name\":\"Kontakt\",\"item\":\"https:\/\/visitsouthestonia.com\/community\/kontakt\/\"},{\"@type\":\"ListItem\",\"position\":2,\"name\":\"Kollased aknad meedias\"}]},{\"@type\":\"WebSite\",\"@id\":\"https:\/\/visitsouthestonia.com\/community\/#website\",\"url\":\"https:\/\/visitsouthestonia.com\/community\/\",\"name\":\"visitsouthestonia\",\"description\":\"Parim puhkus veeda L\u00f5una-Eestis!\",\"potentialAction\":[{\"@type\":\"SearchAction\",\"target\":{\"@type\":\"EntryPoint\",\"urlTemplate\":\"https:\/\/visitsouthestonia.com\/community\/?s={search_term_string}\"},\"query-input\":\"required name=search_term_string\"}],\"inLanguage\":\"et\"}]}<\/script>\n<!-- \/ Yoast SEO plugin. -->","yoast_head_json":{"title":"Kollased aknad meedias - visitsouthestonia","robots":{"index":"index","follow":"follow","max-snippet":"max-snippet:-1","max-image-preview":"max-image-preview:large","max-video-preview":"max-video-preview:-1"},"canonical":"https:\/\/visitsouthestonia.com\/community\/kontakt\/kollane-aken-meedias\/","og_locale":"et_EE","og_type":"article","og_title":"Kollased aknad meedias - visitsouthestonia","og_url":"https:\/\/visitsouthestonia.com\/community\/kontakt\/kollane-aken-meedias\/","og_site_name":"visitsouthestonia","article_modified_time":"2021-01-05T10:41:58+00:00","twitter_card":"summary_large_image","twitter_misc":{"Est. reading time":"1 minut"},"schema":{"@context":"https:\/\/schema.org","@graph":[{"@type":"WebPage","@id":"https:\/\/visitsouthestonia.com\/community\/kontakt\/kollane-aken-meedias\/","url":"https:\/\/visitsouthestonia.com\/community\/kontakt\/kollane-aken-meedias\/","name":"Kollased aknad meedias - visitsouthestonia","isPartOf":{"@id":"https:\/\/visitsouthestonia.com\/community\/#website"},"datePublished":"2020-04-22T11:51:40+00:00","dateModified":"2021-01-05T10:41:58+00:00","breadcrumb":{"@id":"https:\/\/visitsouthestonia.com\/community\/kontakt\/kollane-aken-meedias\/#breadcrumb"},"inLanguage":"et","potentialAction":[{"@type":"ReadAction","target":["https:\/\/visitsouthestonia.com\/community\/kontakt\/kollane-aken-meedias\/"]}]},{"@type":"BreadcrumbList","@id":"https:\/\/visitsouthestonia.com\/community\/kontakt\/kollane-aken-meedias\/#breadcrumb","itemListElement":[{"@type":"ListItem","position":1,"name":"Kontakt","item":"https:\/\/visitsouthestonia.com\/community\/kontakt\/"},{"@type":"ListItem","position":2,"name":"Kollased aknad meedias"}]},{"@type":"WebSite","@id":"https:\/\/visitsouthestonia.com\/community\/#website","url":"https:\/\/visitsouthestonia.com\/community\/","name":"visitsouthestonia","description":"Parim puhkus veeda L\u00f5una-Eestis!","potentialAction":[{"@type":"SearchAction","target":{"@type":"EntryPoint","urlTemplate":"https:\/\/visitsouthestonia.com\/community\/?s={search_term_string}"},"query-input":"required name=search_term_string"}],"inLanguage":"et"}]}},"coauthors":[],"author_meta":{"author_link":"https:\/\/visitsouthestonia.com\/community\/author\/admin\/","display_name":"admin"},"relative_dates":{"created":"Posted 6 aastat ago","modified":"Updated 5 aastat ago"},"absolute_dates":{"created":"Posted on 22. apr. 2020","modified":"Updated on 5. jaan. 2021"},"absolute_dates_time":{"created":"Posted on 22. apr. 2020 02:51","modified":"Updated on 5. jaan. 2021 12:41"},"featured_img_caption":"","featured_img":false,"series_order":"","_links":{"self":[{"href":"https:\/\/visitsouthestonia.com\/community\/wp-json\/wp\/v2\/pages\/406"}],"collection":[{"href":"https:\/\/visitsouthestonia.com\/community\/wp-json\/wp\/v2\/pages"}],"about":[{"href":"https:\/\/visitsouthestonia.com\/community\/wp-json\/wp\/v2\/types\/page"}],"author":[{"embeddable":true,"href":"https:\/\/visitsouthestonia.com\/community\/wp-json\/wp\/v2\/users\/1"}],"replies":[{"embeddable":true,"href":"https:\/\/visitsouthestonia.com\/community\/wp-json\/wp\/v2\/comments?post=406"}],"version-history":[{"count":4,"href":"https:\/\/visitsouthestonia.com\/community\/wp-json\/wp\/v2\/pages\/406\/revisions"}],"predecessor-version":[{"id":4049,"href":"https:\/\/visitsouthestonia.com\/community\/wp-json\/wp\/v2\/pages\/406\/revisions\/4049"}],"up":[{"embeddable":true,"href":"https:\/\/visitsouthestonia.com\/community\/wp-json\/wp\/v2\/pages\/396"}],"wp:attachment":[{"href":"https:\/\/visitsouthestonia.com\/community\/wp-json\/wp\/v2\/media?parent=406"}],"curies":[{"name":"wp","href":"https:\/\/api.w.org\/{rel}","templated":true}]}}